{"version":"1.0","provider_name":"Pomi\u0119dzy bitami","provider_url":"https:\/\/zakr.es\/blog","author_name":"rozie","author_url":"https:\/\/zakr.es\/blog\/author\/rozie\/","title":"Cmentarna moda - Pomi\u0119dzy bitami","type":"rich","width":600,"height":338,"html":"<blockquote class=\"wp-embedded-content\" data-secret=\"AQSaZAntAf\"><a href=\"https:\/\/zakr.es\/blog\/2023\/11\/cmentarna-moda\/\">Cmentarna moda<\/a><\/blockquote><iframe sandbox=\"allow-scripts\" security=\"restricted\" src=\"https:\/\/zakr.es\/blog\/2023\/11\/cmentarna-moda\/embed\/#?secret=AQSaZAntAf\" width=\"600\" height=\"338\" title=\"&#8222;Cmentarna moda&#8221; &#8212; Pomi\u0119dzy bitami\" data-secret=\"AQSaZAntAf\" frameborder=\"0\" marginwidth=\"0\" marginheight=\"0\" scrolling=\"no\" class=\"wp-embedded-content\"><\/iframe><script>\n\/*! This file is auto-generated *\/\n!function(d,l){\"use strict\";l.querySelector&&d.addEventListener&&\"undefined\"!=typeof URL&&(d.wp=d.wp||{},d.wp.receiveEmbedMessage||(d.wp.receiveEmbedMessage=function(e){var t=e.data;if((t||t.secret||t.message||t.value)&&!\/[^a-zA-Z0-9]\/.test(t.secret)){for(var s,r,n,a=l.querySelectorAll('iframe[data-secret=\"'+t.secret+'\"]'),o=l.querySelectorAll('blockquote[data-secret=\"'+t.secret+'\"]'),c=new RegExp(\"^https?:$\",\"i\"),i=0;i<o.length;i++)o[i].style.display=\"none\";for(i=0;i<a.length;i++)s=a[i],e.source===s.contentWindow&&(s.removeAttribute(\"style\"),\"height\"===t.message?(1e3<(r=parseInt(t.value,10))?r=1e3:~~r<200&&(r=200),s.height=r):\"link\"===t.message&&(r=new URL(s.getAttribute(\"src\")),n=new URL(t.value),c.test(n.protocol))&&n.host===r.host&&l.activeElement===s&&(d.top.location.href=t.value))}},d.addEventListener(\"message\",d.wp.receiveEmbedMessage,!1),l.addEventListener(\"DOMContentLoaded\",function(){for(var e,t,s=l.querySelectorAll(\"iframe.wp-embedded-content\"),r=0;r<s.length;r++)(t=(e=s[r]).getAttribute(\"data-secret\"))||(t=Math.random().toString(36).substring(2,12),e.src+=\"#?secret=\"+t,e.setAttribute(\"data-secret\",t)),e.contentWindow.postMessage({message:\"ready\",secret:t},\"*\")},!1)))}(window,document);\n\/\/# sourceURL=https:\/\/zakr.es\/blog\/wp-includes\/js\/wp-embed.min.js\n<\/script>\n","description":"By\u0142em dzi\u015b na grobach. Tak si\u0119 zastanawia\u0142em troch\u0119 nad przemijaniem albo mo\u017ce raczej zmianami. Doszed\u0142em do wniosku, \u017ce atmosfera by\u0142a na cmentarzu inna, ni\u017c kiedy\u015b. Mo\u017ce z\u0142udzeniem jest,\u00a0\u017ce na cmentarz chodzi teraz mniej ludzi, ni\u017c kiedy\u015b? Mo\u017ce to po prostu zas\u0142uga p\u00f3\u017aniejszej pory? Za m\u0142odu chodzili\u015bmy raczej rano, teraz bywam raczej po po\u0142udniu. Inne zmiany, &hellip; Czytaj dalej \u201e\u201d"}